{"id":73569,"date":"2023-02-02T11:43:48","date_gmt":"2023-02-02T10:43:48","guid":{"rendered":"https:\/\/cooltra.com\/?page_id=73569"},"modified":"2024-12-20T10:28:08","modified_gmt":"2024-12-20T09:28:08","slug":"datenschutz","status":"publish","type":"page","link":"https:\/\/cooltra.com\/de\/datenschutz\/","title":{"rendered":"Datenschutzbestimmungen"},"content":{"rendered":"<p><b><i>Die Identit\u00e4t:\u00a0<\/i><\/b><\/p>\n<p><span style=\"font-weight: 400;\"><span style=\"font-family: georgia, palatino, serif;\">Der Verleih <\/span>von Elektromotorr\u00e4dern im Minutentakt \u00fcber die App (&#8222;motosharing&#8220;) wird von der Firma <\/span><b>COOLTRA MOTOSHARING, S.L.U. <\/b><span style=\"font-weight: 400;\">mit Sitz in Edificio Ocean, Passeig Joan de Borb\u00f3 99-101, 4\u00aa Planta, 08039 de Barcelona<\/span><span style=\"font-weight: 400;\">, mit C.I.F <\/span><span style=\"font-weight: 400;\">n\u00ba <\/span><span style=\"font-weight: 400;\">B- <span style=\"font-family: georgia, palatino, serif;\">65874877<\/span> angeboten. Vor Ort wird der Motosharing-Service angeboten und die Anmietungen werden mit den Cooltra-Tochtergesellschaften formalisiert, die unten und in den Allgemeinen Nutzungsbedingungen des Motosharing-Service aufgef\u00fchrt sind.<\/span><\/p>\n<p><span style=\"font-weight: 400;\">Die Fahrzeugvermietung pro Tag\/Monat \u00fcber die Website (&#8222;Vermietung&#8220;) wird von der Firma <\/span><b>COOLTRA MOTOS S.L.U. <\/b><span style=\"font-weight: 400;\">mit Sitz in Edificio Ocean, Passeig Joan de Borb\u00f3 99-101, 4\u00aa Planta, 08039 de Barcelona<\/span><span style=\"font-weight: 400;\">, mit C.I.F <\/span><span style=\"font-weight: 400;\">n\u00ba <\/span><span style=\"font-weight: 400;\">B-<span style=\"font-family: arial, helvetica, sans-serif;\">64146632<\/span> angeboten. Der Vermietungsservice wird vor Ort angeboten und die Vermietungen werden mit Cooltra&#8217;s Tochtergesellschaften formalisiert, die unten und in den Allgemeinen Bedingungen f\u00fcr die Fahrzeugvermietung aufgef\u00fchrt sind.<\/span><\/p>\n<p><span style=\"font-weight: 400;\">Im Folgenden werden beide Unternehmen gemeinsam als &#8222;<\/span><b>Cooltra<\/b><span style=\"font-weight: 400;\">&#8220; und beide Dienste gemeinsam als &#8222;<\/span><b>Dienst<\/b><span style=\"font-weight: 400;\">&#8220; bezeichnet.<\/span><\/p>\n<p><b>Postanschrift<\/b><span style=\"font-weight: 400;\">: Edificio Ocean, Passeig Joan de Borb\u00f3 99-101, 4\u00aa Planta, 08039 de Barcelona<\/span><\/p>\n<p><b>E-Mail<\/b><span style=\"font-weight: 400;\">: rgpd@cooltra.com<\/span><\/p>\n<p><b>Datenschutzbeauftragter<\/b><span style=\"font-weight: 400;\">: AURIS ADVOCATS<\/span><\/p>\n<p><span style=\"font-family: georgia, palatino, serif;\"><b>DPD Kontakt<\/b><span style=\"font-weight: 400;\">: Xavier Saula Adell. Calle Mallorca 237 bis Ppal 1.A. Barcelona.<\/span><\/span><\/p>\n<p><span style=\"font-family: georgia, palatino, serif;\"><b>Web<\/b><span style=\"font-weight: 400;\">: www.aurisadvocats.com.<\/span><\/span><\/p>\n<p><span style=\"font-family: georgia, palatino, serif;\"><b>E-Mail<\/b><span style=\"font-weight: 400;\">: xavi@aurisadvocats.com.<\/span><\/span><\/p>\n<p><span style=\"font-weight: 400; font-family: georgia, palatino, serif;\">\u00a0<\/span><\/p>\n<p><span style=\"font-family: georgia, palatino, serif;\"><b>COOLTRA MOTOSHARING SLU <\/b><span style=\"font-weight: 400;\">als Verantwortlicher f\u00fcr die App und <\/span><b>COOLTRA MOTOS SLU <\/b><span style=\"font-weight: 400;\">als Verantwortlicher f\u00fcr die Website, in \u00dcbereinstimmung mit den Bestimmungen der Verordnung (EU) 2016\/679 vom 27. April 2016 (GDPR) zum Schutz nat\u00fcrlicher Personen bei der Verarbeitung personenbezogener Daten und zum freien Datenverkehr sowie anderen geltenden Rechtsvorschriften zum Schutz personenbezogener Daten, und des Gesetzes 34\/2002 vom 11. Juli 2002 \u00fcber die Dienstleistungen der Informationsgesellschaft und den elektronischen Handel (LSSICE), informiert Sie, dass sie die notwendigen technischen und organisatorischen Sicherheitsma\u00dfnahmen getroffen hat, um die Vertraulichkeit, die Integrit\u00e4t und die Verf\u00fcgbarkeit der eingegebenen Daten zu gew\u00e4hrleisten und zu sch\u00fctzen.<\/span><\/span><\/p>\n<p><span style=\"font-family: georgia, palatino, serif;\"><b>UNTERNEHMEN, DIE MIT DER COOLTRA MOTOS GRUPPE VERBUNDEN SIND<\/b><\/span><\/p>\n<p><span style=\"font-weight: 400;\">\u00a0<\/span><\/p>\n<p><span style=\"font-weight: 400; font-family: georgia, palatino, serif;\">Diese Datenschutzrichtlinie gilt f\u00fcr die Verarbeitung von Benutzerdaten durch Cooltra und seine lokalen Tochtergesellschaften.<\/span><\/p>\n<p><span style=\"font-family: georgia, palatino, serif;\"><span style=\"font-weight: 400;\">In jeder Stadt, in der Cooltra t\u00e4tig ist, wird der Dienst von einer lokalen Tochtergesellschaft von Cooltra erbracht, an die Cooltra die f\u00fcr die Erbringung des Dienstes und die entsprechende Rechnungsstellung erforderlichen Nutzerdaten \u00fcbermittelt. F\u00fcr jede lokale Tochtergesellschaft gelten die in Abschnitt G unten aufgef\u00fchrten <\/span><i><span style=\"font-weight: 400;\">zus\u00e4tzlichen <\/span><\/i><span style=\"font-weight: 400;\">Datenschutzbedingungen f\u00fcr die Verarbeitung von Nutzerdaten.<\/span><\/span><\/p>\n<p><span style=\"font-weight: 400; font-family: georgia, palatino, serif;\">Dar\u00fcber hinaus wird diese Datenschutzerkl\u00e4rung durch die Nutzungsbedingungen erg\u00e4nzt, die unter folgender Adresse eingesehen werden k\u00f6nnen<\/span><\/p>\n<p><span style=\"font-family: georgia, palatino, serif;\"><a href=\"https:\/\/cooltrasftp.ecooltra.com\/TERMS_CONDITIONS\/TERMS_CONDITIONS_ES.pdf\"><span style=\"font-weight: 400;\">https:\/\/cooltrasftp.Cooltra.com\/TERMS_CONDITIONS\/TERMS_CONDITIONS_ES.pdf<\/span><\/a><\/span><\/p>\n<p><span style=\"font-weight: 400; font-family: georgia, palatino, serif;\">https:\/\/cooltra.com\/es\/condiciones-generales\/<\/span><\/p>\n<p><span style=\"font-family: georgia, palatino, serif;\"><b>\u00a0\u00a0Cooltra garantiert den Schutz aller personenbezogenen Daten, die der Nutzer Cooltra und seinen lokalen Tochtergesellschaften bei der Registrierung und Nutzung des Dienstes zur Verf\u00fcgung stellt, <\/b><span style=\"font-weight: 400;\">und zwar in \u00dcbereinstimmung mit den Bestimmungen der geltenden Gesetzgebung zum Schutz personenbezogener Daten und insbesondere der VERORDNUNG (EU) 2016\/679 DES EUROP\u00c4ISCHEN PARLAMENTS UND DES RATES vom 27. April 2016:<\/span><\/span><\/p>\n<ol style=\"list-style-type: upper-alpha;\">\n<li style=\"font-weight: 400;\" aria-level=\"1\"><span style=\"font-family: georgia, palatino, serif;\"><b>Dateien. <\/b><span style=\"font-weight: 400;\">Alle pers\u00f6nlichen Daten, die vom Nutzer zur Verf\u00fcgung gestellt und\/oder von Cooltra durch die Registrierung und die Nutzung des Dienstes gesammelt werden, werden in einer oder mehreren Dateien gespeichert, die unter der Verantwortung von Cooltra erstellt und gepflegt werden und der spanischen Datenschutzbeh\u00f6rde ordnungsgem\u00e4\u00df gemeldet werden.<\/span><\/span><\/li>\n<li style=\"font-weight: 400;\" aria-level=\"1\"><span style=\"font-family: georgia, palatino, serif;\"><b>Erfasste Daten und <\/b><span style=\"font-weight: 400;\">Cooltra sammelt die folgenden personenbezogenen Daten:<\/span><\/span>\n<ol>\n<li style=\"font-weight: 400;\" aria-level=\"2\"><span style=\"font-weight: 400; font-family: georgia, palatino, serif;\">REGISTRIERUNG: Bei der Registrierung als Nutzer erhebt Cooltra folgende Daten: Vorname, Nachname, E-Mail, Wohnanschrift, Rechnungsanschrift, Telefon, Personalausweis oder Reisepass, F\u00fchrerschein, Debit-\/Kreditkarte.<\/span><\/li>\n<li style=\"font-weight: 400;\" aria-level=\"2\"><span style=\"font-weight: 400; font-family: georgia, palatino, serif;\">NUTZUNG DES DIENSTES: W\u00e4hrend der Nutzung des Dienstes durch den Nutzer sammelt Cooltra die folgenden Daten: Datum, Uhrzeit und Ort des Mietbeginns, Datum, Uhrzeit und Ort des Mietende, Route, mit den Fahrzeugsensoren durchgef\u00fchrte Aktionen (Sitz, Stand, Ein\/Aus\/Pause).<\/span><\/li>\n<li style=\"font-weight: 400;\" aria-level=\"2\"><span style=\"font-weight: 400; font-family: georgia, palatino, serif;\">KOMMUNIKATIONEN\/BESCHWERDEN: alle anderen besonderen Daten, die der Nutzer im Rahmen seiner Kommunikation mit Cooltra mitteilt, um einen Kontakt oder eine Beschwerde mit Cooltra aufzunehmen oder zu l\u00f6sen.<\/span><\/li>\n<\/ol>\n<\/li>\n<\/ol>\n<p><span style=\"font-weight: 400; font-family: georgia, palatino, serif;\">Es gibt zwar keine M\u00f6glichkeit, Informationen in Form von Freitext zu \u00fcbermitteln, aber der Nutzer kann seine Meinung mitteilen.<\/span><\/p>\n<p><span style=\"font-weight: 400; font-family: georgia, palatino, serif;\">Die Meinungen sind frei, aber die PLATFORM\/APP verbietet ausdr\u00fccklich die Verbreitung der folgenden Informationen:<\/span><\/p>\n<ul>\n<li style=\"font-weight: 400;\" aria-level=\"1\">\n<ul>\n<li style=\"font-weight: 400;\" aria-level=\"2\"><span style=\"font-weight: 400; font-family: georgia, palatino, serif;\">die pers\u00f6nlichen Kontaktdaten von Dritten (Telefonnummer, E-Mail-Adresse, Bankverbindung usw.),<\/span><\/li>\n<li style=\"font-weight: 400;\" aria-level=\"2\"><span style=\"font-weight: 400; font-family: georgia, palatino, serif;\">Zwecke, die diskriminierend, missbr\u00e4uchlich oder gewaltt\u00e4tig sind oder die die Begehung einer Straftat beinhalten oder dazu anregen.<\/span><\/li>\n<\/ul>\n<\/li>\n<\/ul>\n<p><span style=\"font-weight: 400; font-family: georgia, palatino, serif;\">Wenn der Nutzer Hypertext-Links oder gleichwertige Links zu anderen Websites oder Inhalten Dritter weitergeben m\u00f6chte, muss er unter seiner vollen Verantwortung sicherstellen, dass keine Rechte des geistigen Eigentums verletzt werden.<\/span><\/p>\n<p><span style=\"font-family: georgia, palatino, serif;\"><b>Einverstanden. Mit der Registrierung stimmt der Nutzer der Verarbeitung seiner personenbezogenen Daten unter den oben genannten Bedingungen zu, indem er das Zustimmungsfeld am Ende jedes Registrierungsformulars des Dienstes ankreuzt. Der Nutzer best\u00e4tigt, dass er \u00fcber 18 Jahre alt ist und somit \u00fcber die erforderliche Rechtsf\u00e4higkeit verf\u00fcgt, um der Verarbeitung seiner personenbezogenen Daten gem\u00e4\u00df den Bestimmungen der vorliegenden Datenschutzrichtlinie unmissverst\u00e4ndlich zuzustimmen.<\/b><\/span><\/p>\n<p><span style=\"font-family: georgia, palatino, serif;\"><b>\u00a0C. <\/b><\/span><b style=\"font-family: georgia, palatino, serif;\">Zwecke. <\/b><span style=\"font-weight: 400;\">Ihre personenbezogenen Daten werden zu folgenden Zwecken erhoben:<\/span><\/p>\n<ul>\n<li style=\"font-weight: 400;\" aria-level=\"1\">\n<ul>\n<li style=\"font-weight: 400;\" aria-level=\"2\"><span style=\"font-weight: 400; font-family: georgia, palatino, serif;\">Verwaltung der Mietanfragen, Bereitstellung der f\u00fcr die Inanspruchnahme des Dienstes erforderlichen Hilfsmittel f\u00fcr den Kunden.<\/span><\/li>\n<li style=\"font-weight: 400;\" aria-level=\"2\"><span style=\"font-weight: 400; font-family: georgia, palatino, serif;\">Erf\u00fcllung der rechtlichen, buchhalterischen, steuerlichen, administrativen und vertraglichen Verpflichtungen im Zusammenhang mit der Erbringung der angeforderten Dienstleistungen.<\/span><\/li>\n<li style=\"font-weight: 400;\" aria-level=\"2\"><span style=\"font-weight: 400; font-family: georgia, palatino, serif;\">Abwicklung der Zahlung f\u00fcr den Dienst \u00fcber das Zahlungsportal des Dienstes.<\/span><\/li>\n<li style=\"font-weight: 400;\" aria-level=\"2\"><span style=\"font-weight: 400; font-family: georgia, palatino, serif;\">Entwicklung von Ma\u00dfnahmen zum Schutz vor Kreditrisiken, einschlie\u00dflich Aktivit\u00e4ten zur Identifizierung des Kunden\/Nutzers und seines wirtschaftlichen Zwecks<\/span><\/li>\n<li style=\"font-weight: 400;\" aria-level=\"2\"><span style=\"font-weight: 400; font-family: georgia, palatino, serif;\">Bereitstellung von Informationen \u00fcber die von Cooltra vermarkteten Produkte und Dienstleistungen f\u00fcr die Nutzer.<\/span><\/li>\n<li style=\"font-weight: 400;\" aria-level=\"2\"><span style=\"font-weight: 400; font-family: georgia, palatino, serif;\">Um die Nutzung des Dienstes zu analysieren, zu verbessern und zu optimieren. Au\u00dferdem soll eine Vorrichtung zur Verf\u00fcgung gestellt werden, die die Sammlung und Aufzeichnung von Informationen im Zusammenhang mit dem F\u00fchren des Kraftfahrzeugs durch seine Fahrer erm\u00f6glicht und die kinematische Rekonstruktion von Sch\u00e4den unterst\u00fctzt.<\/span><\/li>\n<li style=\"font-weight: 400;\" aria-level=\"2\"><span style=\"font-weight: 400; font-family: georgia, palatino, serif;\">Vorbereitung eines Systems zur Geolokalisierung von Kraftfahrzeugen und Ma\u00dfnahmen zum Schutz des Eigentums der Cooltra-Flotte, um Cooltra vor Handlungen Dritter und\/oder illegaler oder betr\u00fcgerischer Kunden zu sch\u00fctzen.<\/span><\/li>\n<li style=\"font-weight: 400;\" aria-level=\"2\"><span style=\"font-weight: 400; font-family: georgia, palatino, serif;\">L\u00f6sen Sie Beschwerden, Vorf\u00e4lle oder Fragen \u00fcber die daf\u00fcr vorgesehenen Kan\u00e4le: Kontaktformular, Online-Chat, E-Mail und Telefonnummer des Kundendienstes.<\/span><\/li>\n<li style=\"font-weight: 400;\" aria-level=\"2\"><span style=\"font-family: georgia, palatino, serif;\"><span style=\"font-weight: 400;\">Um den Nutzern kommerzielle Informationen \u00fcber Angebote und Aktionen von Cooltra zukommen zu lassen, die f\u00fcr sie von Interesse sein k\u00f6nnten (es sei denn, sie haben dem widersprochen, wie online angegeben oder durch Senden einer E-Mail an die Adresse <\/span><a href=\"mailto:rgpd@cooltra.com\"><span style=\"font-weight: 400;\">rgpd@cooltra.com<\/span><\/a><span style=\"font-weight: 400;\"> unter dem Betreff &#8222;Newsletter abbestellen&#8220;). Die Sektoren, \u00fcber die wir die Nutzer informieren k\u00f6nnen, sind folgende: Verkehr aller Art, Tourismus und Reisen, erneuerbare Energien, IT und neue Technologien, Lebensmittel, Freizeit, Aus- und Weiterbildung, Verlagswesen, Finanzen und Kredite, Versicherungen, Rechtsbeistand, Kinderbetreuung, Telekommunikation, Kraftfahrzeuge, Konsumg\u00fcter, Gesundheit und Arzneimittel, K\u00f6rperpflege, Elektronik, Wasser, Energie, Lotterien und Gl\u00fccksspiele, Immobilien, Spielzeug, Textilien und NROs.<\/span><\/span><\/li>\n<li style=\"font-weight: 400;\" aria-level=\"2\"><span style=\"font-weight: 400; font-family: georgia, palatino, serif;\">Zur Durchf\u00fchrung der notwendigen kommerziellen und administrativen Verfahren mit den Nutzern der Website.<\/span><\/li>\n<li style=\"font-weight: 400;\" aria-level=\"2\"><span style=\"font-weight: 400;\">Verwaltung von Mietanfragen, Kauf von Motorr\u00e4dern, Zubeh\u00f6r, Buchung von Ausfl\u00fcgen, Touren, F\u00fchrungen, Vermietung von Motorrollern, Mopeds, Quads und Fahrr\u00e4dern.<\/span><\/li>\n<li style=\"font-weight: 400;\" aria-level=\"2\"><span style=\"font-weight: 400;\">Zur Abwicklung von Zahlungen \u00fcber den eigenen Online-Shop der Website.<\/span><\/li>\n<li style=\"font-weight: 400;\" aria-level=\"2\"><span style=\"font-weight: 400;\">Zur Bereitstellung der vom Nutzer vertraglich vereinbarten oder abonnierten Dienstleistungen und\/oder Produkte.<\/span><\/li>\n<li style=\"font-weight: 400;\" aria-level=\"2\"><span style=\"font-weight: 400;\">Sie \u00fcber \u00c4nderungen und wichtige Entwicklungen in Bezug auf die Datenschutzrichtlinie, den rechtlichen Hinweis oder die Cookie-Richtlinie zu benachrichtigen.<\/span><\/li>\n<li style=\"font-weight: 400;\" aria-level=\"2\"><span style=\"font-weight: 400;\">Das Profiling und die Nutzungsanalyse werden auf der Grundlage der Buchungshistorie des Nutzers durchgef\u00fchrt.<\/span><\/li>\n<li style=\"font-weight: 400;\" aria-level=\"2\"><span style=\"font-weight: 400;\">Sicherung einiger R\u00e4umlichkeiten durch ein Video\u00fcberwachungssystem.<\/span><\/li>\n<li style=\"font-weight: 400;\" aria-level=\"2\"><span style=\"font-weight: 400;\">\u00dcberwachung des Online-Streitbeilegungsverfahrens der Europ\u00e4ischen Kommission, insbesondere im Rahmen der Plattform ODR<\/span><a href=\"http:\/\/ec.europa.eu\/consumers\/odr\/\"><span style=\"font-weight: 400;\">:http:\/\/ec.europa.eu\/consumers\/odr\/.<\/span><\/a><\/li>\n<\/ul>\n<\/li>\n<\/ul>\n<p><span style=\"font-weight: 400;\">Cooltra wird in keinem Fall die vom Benutzer\/Kunden zur Verf\u00fcgung gestellten pers\u00f6nlichen Daten verwenden, um andere als die erw\u00e4hnten Dienstleistungen zu erbringen oder gegebenenfalls einen eigenen Nutzen zu erzielen oder andere als die vom Eigent\u00fcmer dieser Daten genehmigten. Sie k\u00f6nnen Ihre Zustimmung jederzeit widerrufen, indem Sie einen Brief mit dem Betreff &#8222;Unsubscribe&#8220; <\/span><a href=\"mailto:rgpd@cooltra.com\"><span style=\"font-weight: 400;\">an <\/span><\/a><span style=\"font-weight: 400;\">rgpd@cooltra.com schicken.<\/span><\/p>\n<p><span style=\"font-weight: 400;\">In \u00dcbereinstimmung mit dem LSSICE, Cooltra f\u00fchrt keine SPAM-Praktiken durch, daher sendet es keine kommerziellen E-Mails, die nicht zuvor angefordert oder vom Benutzer genehmigt wurden. Folglich hat der Benutzer bei allen Mitteilungen, die er von Cooltra erh\u00e4lt, die M\u00f6glichkeit, seine ausdr\u00fcckliche Zustimmung zum Erhalt unserer Mitteilungen zu widerrufen.<\/span><\/p>\n<p><strong>\u00a0D.<\/strong><b>L\u00f6schung des Benutzerkontos<\/b>. Der Nutzer kann jederzeit Ihr Konto und die damit verbundenen Daten l\u00f6schen. In diesen F\u00e4llen verpflichtet sich Cooltra, diese Informationen nicht \u00fcber die Verpflichtungen zur Sperrung hinaus zu verwenden, die die Datensch<span style=\"font-family: georgia, palatino, serif;\">utzgesetzgebung und das LSSICE vorsehen. Der Nutzer kann sich auch jederzeit von den Zahlungsdiensten abmelden, was nicht bedeutet, dass er sein Nutzerkonto aufl\u00f6st. Die K\u00fcndigung der Zahlungsdienste und die K\u00fcndigung des Kontos sowie die K\u00fcndigung des Newsletters sind eigenst\u00e4ndige K\u00fcndigungsvorg\u00e4nge, die ihren Platz und ihre Form zu diesem Zweck freigeschaltet haben.<\/span><\/p>\n<p><span style=\"font-weight: 400; font-family: georgia, palatino, serif;\"><strong>\u00a0E.<\/strong> <\/span><b style=\"font-family: georgia, palatino, serif;\">Aufbewahrung von Daten<\/b><span style=\"font-weight: 400;\">. Cooltra wird die Daten des Nutzers ausschlie\u00dflich f\u00fcr die Dauer des Vertragsverh\u00e4ltnisses zur Nutzung aufbewahren. Die Dauer der Beziehung ist unbestimmt. Wie in Abschnitt D angegeben, verpflichtet sich Cooltra, sobald der Nutzer sein Konto gek\u00fcndigt hat, diese Informationen nicht \u00fcber die Verpflichtungen zur Sperrung hinaus zu verwenden, die die Datenschutzgesetzgebung und das LSSICE vorsehen.<\/span><\/p>\n<p><span style=\"font-family: georgia, palatino, serif;\"><b>&#8211; Aufbewahrungsfristen<\/b><\/span><\/p>\n<p><span style=\"font-weight: 400; font-family: georgia, palatino, serif;\">Bestimmte pers\u00f6nliche Identifizierungs- und Verkehrsdaten werden von uns f\u00fcr einen Zeitraum von maximal 2 Jahren aufbewahrt, falls wir von den Gerichten dazu aufgefordert werden oder um interne Ma\u00dfnahmen aufgrund der missbr\u00e4uchlichen Nutzung der Website einzuleiten.<\/span><\/p>\n<p><span style=\"font-weight: 400; font-family: georgia, palatino, serif;\">Wir informieren Sie auch dar\u00fcber, dass unsere Ma\u00dfnahmen zur Aufbewahrung von Daten mit den Fristen \u00fcbereinstimmen, die in den verschiedenen gesetzlichen Zust\u00e4ndigkeiten f\u00fcr die Zwecke der Verj\u00e4hrung festgelegt sind:<\/span><\/p>\n<p><span style=\"font-family: georgia, palatino, serif;\">\u00a0 \u00a0 \u00a0 \u00a0 \u00a0a.\u00a0<b> Allgemeine Regel: <\/b><span style=\"font-weight: 400;\">Gem\u00e4\u00df den Bestimmungen von Artikel 30 des Handelsgesetzbuchs und vorbehaltlich anderer Kriterien m\u00fcssen alle Dokumente und\/oder Informationen des Unternehmens 6 Jahre lang aufbewahrt werden. Dies gilt f\u00fcr alle Buchhaltungs-, Steuer-, Arbeits- oder Handelsunterlagen, einschlie\u00dflich des Schriftverkehrs.<\/span><\/span><\/p>\n<p><span style=\"font-family: georgia, palatino, serif;\">\u00a0 \u00a0 \u00a0 \u00a0 \u00a0b. <b>Spezifische Fristen: <\/b><span style=\"font-weight: 400;\">Unser Unternehmen muss auch Mindestfristen festlegen, die sich nach der Art der betroffenen Daten und nach den verschiedenen Verj\u00e4hrungsfristen richten, die jeder Abteilung bekannt sein m\u00fcssen.<\/span><\/span><\/p>\n<p><span style=\"font-weight: 400; font-family: georgia, palatino, serif;\">In dieser Tabelle sind die Fristen aufgef\u00fchrt, die unsere Organisation betreffen oder betreffen k\u00f6nnen:<\/span><\/p>\n<table>\n<tbody>\n<tr>\n<td><b>Thema<\/b><\/td>\n<td><span style=\"font-weight: 400;\">Verschreibung<\/span><\/td>\n<td><span style=\"font-weight: 400;\">Verordnungen<\/span><\/td>\n<\/tr>\n<tr>\n<td><span style=\"font-weight: 400;\">Arbeit zum Zwecke von Verst\u00f6\u00dfen<\/span><\/td>\n<td><span style=\"font-weight: 400;\">3 Jahre<\/span><\/td>\n<td><span style=\"font-weight: 400;\">Art.4.1 RD 5\/2000<\/span><\/td>\n<\/tr>\n<tr>\n<td><span style=\"font-weight: 400;\">Soziale Sicherheit zum Zwecke der Vertragsverletzung<\/span><\/td>\n<td><span style=\"font-weight: 400;\">4 Jahre<\/span><\/td>\n<td><span style=\"font-weight: 400;\">Art.4.2 RD 5\/2000<\/span><\/td>\n<\/tr>\n<tr>\n<td><span style=\"font-weight: 400;\">Verh\u00fctung berufsbedingter Risiken zum Zwecke der Verst\u00f6\u00dfe<\/span><\/td>\n<td><span style=\"font-weight: 400;\">5 Jahre<\/span><\/td>\n<td><span style=\"font-weight: 400;\">Art.4.3 RD 5\/2000<\/span><\/td>\n<\/tr>\n<tr>\n<td><span style=\"font-weight: 400;\">Besteuerung von Steuerschulden<\/span><\/td>\n<td><span style=\"font-weight: 400;\">4 Jahre<\/span><\/td>\n<td><span style=\"font-weight: 400;\">Art. 66 Gesetz 58\/2003<\/span><\/td>\n<\/tr>\n<tr>\n<td><span style=\"font-weight: 400;\">Besteuerung zum Zweck der \u00dcberpr\u00fcfung der verrechneten Quoten oder der vorgenommenen Abz\u00fcge<\/span><\/td>\n<td><span style=\"font-weight: 400;\">10 Jahre<\/span><\/td>\n<td><span style=\"font-weight: 400;\">Art. 66 bis Gesetz 58\/2003<\/span><\/td>\n<\/tr>\n<tr>\n<td><span style=\"font-weight: 400;\">Buchhaltung und Handel<\/span><\/td>\n<td><span style=\"font-weight: 400;\">6 Jahre<\/span><\/td>\n<td><span style=\"font-weight: 400;\">Art. 30 des CC<\/span><\/td>\n<\/tr>\n<tr>\n<td><span style=\"font-weight: 400;\">Straftaten gegen den Fiskus und die soziale Sicherheit<\/span><\/td>\n<td><span style=\"font-weight: 400;\">10 Jahre<\/span><\/td>\n<td><span style=\"font-weight: 400;\">Kunst- 131 LO 10\/1995<\/span><\/td>\n<\/tr>\n<\/tbody>\n<\/table>\n<p><span style=\"font-weight: 400;\">\u00a0<\/span><\/p>\n<p><span style=\"font-weight: 400; font-family: georgia, palatino, serif;\">Sie sind nicht Gegenstand von Entscheidungen, die auf einer automatisierten Verarbeitung beruhen und Auswirkungen auf Ihre Daten haben.<\/span><\/p>\n<p><strong><span style=\"font-family: georgia, palatino, serif;\">\u00a0F. <\/span><\/strong><b style=\"font-family: georgia, palatino, serif;\">Vertraulichkeit. <\/b><span style=\"font-weight: 400;\">Cooltra verpflichtet sich, ein H\u00f6chstma\u00df an Zur\u00fcckhaltung, Vertraulichkeit und Geheimhaltung \u00fcber die privaten und pers\u00f6nlichen Informationen, zu denen wir Zugang haben, zu wahren. Cooltra setzt die in den Datenschutzbestimmungen festgelegten technischen und organisatorischen Sicherheitsma\u00dfnahmen um, abh\u00e4ngig von der Art der jeweils verarbeiteten Daten. Bei der Erhebung und Verarbeitung personenbezogener Daten wurden gem\u00e4\u00df den Bestimmungen der oben genannten Verordnungen geeignete Sicherheitsma\u00dfnahmen ergriffen, um Verlust, unbefugten Zugriff oder Manipulation zu verhindern.<\/span><\/p>\n<p><span style=\"font-weight: 400; font-family: georgia, palatino, serif;\">In \u00dcbereinstimmung mit den Bestimmungen der VERORDNUNG (EU) 2016\/679 DES EUROP\u00c4ISCHEN PARLAMENTS UND DES RATES vom 27. April 2016 und anderer geltender Datenschutzgesetze informiert Cooltra als Verantwortlicher f\u00fcr die Datei(en), dass die pers\u00f6nlichen Daten, die der Benutzer w\u00e4hrend seiner Beziehung zu unserem Unternehmen zur Verf\u00fcgung stellt, einschlie\u00dflich Ihrer E-Mail-Adresse und aller pers\u00f6nlichen Daten, auf die wir w\u00e4hrend der bestehenden Beziehung zugreifen k\u00f6nnen, in einer Datei(en) verarbeitet werden, die ordnungsgem\u00e4\u00df bei der spanischen Datenschutzbeh\u00f6rde registriert ist\/sind, und in \u00dcbereinstimmung mit den Bestimmungen der geltenden Gesetze.<\/span><\/p>\n<p><span style=\"font-weight: 400; font-family: georgia, palatino, serif;\"><strong>G.<\/strong> <\/span><b style=\"font-family: georgia, palatino, serif;\">\u00dcbertragung von Daten: <\/b><span style=\"font-weight: 400;\">Cooltra wird die in Abschnitt (B) angegebenen Nutzerdaten an:<\/span><\/p>\n<ul>\n<li style=\"font-weight: 400;\" aria-level=\"1\"><span style=\"font-weight: 400; font-family: georgia, palatino, serif;\">Die lokale(n) Tochtergesellschaft(en) von Cooltra (in Anhang 1 der Allgemeinen Gesch\u00e4ftsbedingungen angegebene Einrichtungen) f\u00fcr die in Absatz (C) genannten Zwecke, insbesondere f\u00fcr die Reservierung, Vermietung, Verwaltung und lokale Bereitstellung des Cooltra-Autovermietungsdienstes sowie f\u00fcr die Ausstellung von Rechnungen und die \u00dcbermittlung von Angeboten und anderen lokalen Werbeaktionen.<\/span><\/li>\n<li style=\"font-weight: 400;\" aria-level=\"1\"><span style=\"font-weight: 400; font-family: georgia, palatino, serif;\">Versicherungsgesellschaften, die an einem Unfall mit einem Cooltra-Fahrzeug beteiligt sind.<\/span><\/li>\n<li style=\"font-weight: 400;\" aria-level=\"1\"><span style=\"font-weight: 400; font-family: georgia, palatino, serif;\">Auf das Inkasso spezialisierte Unternehmen.<\/span><\/li>\n<li style=\"font-weight: 400;\" aria-level=\"1\"><span style=\"font-weight: 400; font-family: georgia, palatino, serif;\">Unternehmen, die auf die Verwaltung von Wirtschaftsinformationen spezialisiert sind.<\/span><\/li>\n<li style=\"font-weight: 400;\" aria-level=\"1\"><span style=\"font-weight: 400; font-family: georgia, palatino, serif;\">Unternehmen, die an der Fahrzeugvermietung und\/oder an Zusatzdienstleistungen beteiligt sind und mit denen Cooltra Vereinbarungen getroffen hat.<\/span><\/li>\n<li style=\"font-weight: 400;\" aria-level=\"1\"><span style=\"font-weight: 400; font-family: georgia, palatino, serif;\">Unternehmen, die vertraglich mit Cooltra verbunden sind und das Schadenmanagement \u00fcbernehmen.<\/span><\/li>\n<\/ul>\n<p><span style=\"font-weight: 400; font-family: georgia, palatino, serif;\">Die Informationen, die Sie uns sowohl \u00fcber diese Website als auch \u00fcber die Anwendung zur Verf\u00fcgung stellen, werden auf Amazon Webservices-Servern gehostet: https:\/\/aws.amazon.com\/es\/.<\/span><\/p>\n<p><span style=\"font-weight: 400; font-family: georgia, palatino, serif;\">Die Daten k\u00f6nnen an die zust\u00e4ndigen \u00f6ffentlichen Verwaltungen, in diesem Fall die lokalen Beh\u00f6rden, \u00fcbermittelt werden, da gem\u00e4\u00df Abschnitt 9.bis.1.a des Verordnungstextes des Gesetzes \u00fcber den Verkehr, die Kraftfahrzeuge und die Stra\u00dfenverkehrssicherheit, der durch das K\u00f6nigliche Gesetzesdekret 339\/1990 vom <span style=\"font-size: 12pt;\">2<\/span>. M\u00e4rz (Text vom 25. Mai 2010 nach \u00c4nderung des Gesetzes 18\/2009) verabschiedet wurde, die Verpflichtung besteht, den Fahrer zu identifizieren, der den Parkversto\u00df begeht.<\/span><\/p>\n<p><span style=\"font-family: georgia, palatino, serif;\"><span style=\"font-weight: 400;\">Abgesehen von den oben genannten F\u00e4llen sind keine anderen Daten\u00fcbermittlungen vorgesehen als die, die durch andere Rechtsvorschriften oder zust\u00e4ndige \u00f6ffentliche Verwaltungen gesetzlich festgelegt sind. Ebenso k\u00f6nnen die Daten im Falle des Kaufs aller oder wesentlicher Teile der Verm\u00f6genswerte von <\/span><b>Cooltra <\/b><span style=\"font-weight: 400;\">oder der Umstrukturierung der <\/span><b>Cooltra <\/b><span style=\"font-weight: 400;\">Unternehmensgruppe \u00fcbertragen werden. Eine solche Daten\u00fcbermittlung erfolgt unter strikter Einhaltung der geltenden Datenschutzvorschriften.<\/span><\/span><\/p>\n<p><b style=\"font-family: georgia, palatino, serif;\">H. Rechte der betroffenen Partei. <\/b><span style=\"font-weight: 400;\">Als betroffener Nutzer k\u00f6nnen Sie die Aus\u00fcbung der folgenden Rechte <\/span><b style=\"font-family: georgia, palatino, serif;\">bei<\/b><span style=\"font-weight: 400;\"> COOLTRA MOTOS beantragen<\/span><b style=\"font-family: georgia, palatino, serif;\">, indem Sie <\/b><span style=\"font-weight: 400;\">ein Schreiben an die in der \u00dcberschrift angegebene Postanschrift oder eine E-Mail an rgpd@cooltra.com <\/span><b style=\"font-family: georgia, palatino, serif;\">senden <\/b><span style=\"font-weight: 400;\">und als Betreff &#8222;RGPD, Betroffene Rechte&#8220; angeben und eine Fotokopie Ihres Personalausweises oder ein vergleichbares, gesetzlich vorgesehenes Mittel beif\u00fcgen.<\/span><\/p>\n<p><span style=\"font-family: georgia, palatino, serif;\"><b>\u00a0<\/b><\/span><\/p>\n<p><span style=\"font-family: georgia, palatino, serif;\"><b>Rechte:<\/b><\/span><\/p>\n<ul>\n<li style=\"font-weight: 400;\" aria-level=\"1\"><span style=\"font-family: georgia, palatino, serif;\"><b>Auskunftsrecht: Die <\/b><span style=\"font-weight: 400;\">betroffene Person hat das Recht, Auskunft \u00fcber ihre personenbezogenen Daten zu erhalten, die Gegenstand der Verarbeitung sind.<\/span><\/span><\/li>\n<li style=\"font-weight: 400;\" aria-level=\"1\"><span style=\"font-family: georgia, palatino, serif;\"><b>Recht auf Berichtigung oder L\u00f6schung: Dieses <\/b><span style=\"font-weight: 400;\">Recht erm\u00f6glicht die Berichtigung von Fehlern und die \u00c4nderung von Daten, die sich als unrichtig oder unvollst\u00e4ndig erweisen.<\/span><\/span><\/li>\n<li style=\"font-weight: 400;\" aria-level=\"1\"><span style=\"font-family: georgia, palatino, serif;\"><b>Recht auf L\u00f6schung: <\/b><span style=\"font-weight: 400;\">Erlaubt die L\u00f6schung von Daten, die sich als unzureichend oder zu umfangreich erweisen.<\/span><\/span><\/li>\n<li style=\"font-weight: 400;\" aria-level=\"1\"><span style=\"font-family: georgia, palatino, serif;\"><b>Widerspruchsrecht: Das <\/b><span style=\"font-weight: 400;\">Recht der betroffenen Person, die Verarbeitung ihrer personenbezogenen Daten zu verweigern oder zu stoppen.<\/span><\/span><\/li>\n<li style=\"font-weight: 400;\" aria-level=\"1\"><span style=\"font-family: georgia, palatino, serif;\"><b>Einschr\u00e4nkung der Verarbeitung: <\/b><span style=\"font-weight: 400;\">Dies beinhaltet die Kennzeichnung der gespeicherten personenbezogenen Daten mit dem Ziel, die k\u00fcnftige Verarbeitung einzuschr\u00e4nken.<\/span><\/span><\/li>\n<li style=\"font-weight: 400;\" aria-level=\"1\"><span style=\"font-family: georgia, palatino, serif;\"><b>Daten\u00fcbertragbarkeit: <\/b><span style=\"font-weight: 400;\">Bereitstellung der in der Verarbeitung befindlichen Daten f\u00fcr die betroffene Person, damit sie diese ungehindert an einen anderen f\u00fcr die Verarbeitung Verantwortlichen \u00fcbermitteln kann.<\/span><\/span><\/li>\n<li style=\"font-weight: 400;\" aria-level=\"1\"><span style=\"font-family: georgia, palatino, serif;\"><b>Recht, keiner automatisierten Einzelentscheidung <\/b><span style=\"font-weight: 400;\">(einschlie\u00dflich Profiling) <\/span><b>unterworfen zu werden<\/b><span style=\"font-weight: 400;\">: das Recht, keiner Entscheidung unterworfen zu werden, die auf einer automatisierten Verarbeitung beruht und Auswirkungen hat oder diese erheblich beeintr\u00e4chtigt.<\/span><\/span><\/li>\n<\/ul>\n<p><span style=\"font-weight: 400; font-family: georgia, palatino, serif;\">Als Nutzer haben Sie das Recht, Ihre Einwilligung jederzeit zu widerrufen. Der Widerruf der Einwilligung hat keinen Einfluss auf die Rechtm\u00e4\u00dfigkeit der vor dem Widerruf der Einwilligung erfolgten Verarbeitung.<\/span><\/p>\n<p><span style=\"font-weight: 400; font-family: georgia, palatino, serif;\">Sie haben auch das Recht, sich bei der Aufsichtsbeh\u00f6rde zu beschweren, wenn Sie der Meinung sind, dass Ihre Rechte in Bezug auf den Schutz Ihrer Daten (agpd.es) verletzt worden sind.<\/span><\/p>\n<p><span style=\"font-weight: 400; font-family: georgia, palatino, serif;\"><strong>\u00a0I.<\/strong> <\/span><b style=\"font-family: georgia, palatino, serif;\">Soziale Netzwerke. <\/b><span style=\"font-weight: 400;\">Wir informieren Sie dar\u00fcber, dass Cooltra eine Pr\u00e4senz in sozialen Netzwerken haben kann. Die Behandlung der Daten der Personen, die Follower in den sozialen Netzwerken werden (und\/oder einen Link oder eine Aktion der Verbindung durch die sozialen Netzwerke vornehmen) der offiziellen Seiten von Cooltra wird durch diesen Abschnitt geregelt, sowie durch die Nutzungsbedingungen, Datenschutzrichtlinien und Zugangsregeln, die zu dem sozialen Netzwerk geh\u00f6ren, das in jedem Fall gilt und zuvor vom Benutzer akzeptiert wurde.<\/span><\/p>\n<p><span style=\"font-weight: 400; font-family: georgia, palatino, serif;\">Cooltra verarbeitet Ihre Daten zum Zweck der ordnungsgem\u00e4\u00dfen Verwaltung Ihrer Pr\u00e4senz in dem sozialen Netzwerk, um Sie \u00fcber Aktivit\u00e4ten, Produkte oder Dienstleistungen von Cooltra zu informieren, sowie f\u00fcr jeden anderen Zweck, den die Vorschriften der sozialen Netzwerke zulassen.<\/span><\/p>\n<p><span style=\"font-weight: 400; font-family: georgia, palatino, serif;\">Die Ver\u00f6ffentlichung von Inhalten ist verboten:<\/span><\/p>\n<ul>\n<li style=\"font-weight: 400;\" aria-level=\"1\"><span style=\"font-weight: 400; font-family: georgia, palatino, serif;\">die im Verdacht stehen, nach nationalem, gemeinschaftlichem oder internationalem Recht rechtswidrig zu sein oder T\u00e4tigkeiten auszu\u00fcben, die im Verdacht stehen, rechtswidrig zu sein oder gegen die Grunds\u00e4tze von Treu und Glauben zu versto\u00dfen.<\/span><\/li>\n<li style=\"font-weight: 400;\" aria-level=\"1\"><span style=\"font-weight: 400; font-family: georgia, palatino, serif;\">Die die Grundrechte von Personen verletzen, unh\u00f6flich im Netzwerk sind, negative Meinungen bei unseren Nutzern oder Dritten hervorrufen oder st\u00f6ren, sowie generell alle Inhalte, die Cooltra f\u00fcr unangemessen h\u00e4lt.<\/span><\/li>\n<li style=\"font-weight: 400;\" aria-level=\"1\"><span style=\"font-weight: 400; font-family: georgia, palatino, serif;\">Und ganz allgemein gegen die Grunds\u00e4tze der Legalit\u00e4t, der Ehrlichkeit, der Verantwortung, des Schutzes der Menschenw\u00fcrde, des Jugendschutzes, des Schutzes der \u00f6ffentlichen Ordnung, des Schutzes der Privatsph\u00e4re, des Verbraucherschutzes und der Rechte an geistigem und gewerblichem Eigentum versto\u00dfen.<\/span><\/li>\n<\/ul>\n<p><span style=\"font-weight: 400; font-family: georgia, palatino, serif;\">Ebenso beh\u00e4lt sich Cooltra das Recht vor, ohne Vorank\u00fcndigung Inhalte, die als unangemessen angesehen werden, von der Website oder dem sozialen Netzwerk des Unternehmens zu entfernen.<\/span><\/p>\n<p><span style=\"font-weight: 400; font-family: georgia, palatino, serif;\">Die \u00fcber soziale Netzwerke gesendeten Mitteilungen werden in eine Cooltra-eigene Datei aufgenommen, um Ihnen Informationen zu senden, die Sie interessieren.<\/span><\/p>\n<p><span style=\"font-weight: 400; font-family: georgia, palatino, serif;\">Sie k\u00f6nnen jederzeit Ihr Recht auf Auskunft, Berichtigung, Widerspruch, Einschr\u00e4nkung und gegebenenfalls \u00dcbertragbarkeit oder L\u00f6schung aus\u00fcben, indem Sie sich schriftlich unter Angabe Ihrer personenbezogenen Daten an die Adresse rgpd@Cooltra.com wenden.<\/span><\/p>\n<p><span style=\"font-weight: 400; font-family: georgia, palatino, serif;\">In jedem Fall, wenn Sie personenbezogene Daten \u00fcber das soziale Netzwerk senden, ist Cooltra von der Haftung in Bezug auf die Sicherheitsma\u00dfnahmen, die f\u00fcr diese Plattform gelten, befreit, und der Benutzer sollte, wenn er\/sie diese kennen m\u00f6chte, die entsprechenden besonderen Bedingungen des betreffenden Netzwerks konsultieren.<\/span><\/p>\n<p><span style=\"font-weight: 400; font-family: georgia, palatino, serif;\">\u00a0<strong>J. <\/strong><\/span><b style=\"font-family: georgia, palatino, serif;\">Erm\u00f6glichte Kommunikationsmittel. <\/b><span style=\"font-weight: 400;\">Die einzigen Kommunikationsmittel zwischen Cooltra und dem Nutzer sind: Festnetztelefon, Firmenhandy, Firmen-E-Mail, Gesch\u00e4ftssitz, Newsletter und andere soziale Netzwerke.<\/span><\/p>\n<p><span style=\"font-weight: 400; font-family: georgia, palatino, serif;\">Wenn Sie personenbezogene Daten \u00fcber ein anderes als das in diesem Abschnitt angegebene Kommunikationsmittel \u00fcbermitteln, ist die FIRMA von der Haftung in Bezug auf die von dem betreffenden Kommunikationsmittel gebotenen Sicherheitsma\u00dfnahmen befreit.<\/span><\/p>\n<p><span style=\"font-weight: 400; font-family: georgia, palatino, serif;\">\u00a0<strong>K. <\/strong><\/span><b style=\"font-family: georgia, palatino, serif;\">Mitteilungen und Benachrichtigungen<\/b><span style=\"font-weight: 400;\">. Alle gesendeten Mitteilungen werden in die Informationssysteme von Cooltra aufgenommen. Durch die Annahme dieser Bedingungen und Richtlinien und insbesondere durch die \u00dcbermittlung personenbezogener Daten an Cooltra erkl\u00e4rt sich der Nutzer ausdr\u00fccklich damit einverstanden, dass Cooltra die folgenden Aktivit\u00e4ten und\/oder Handlungen durchf\u00fchrt, es sei denn, der Nutzer gibt beim Abschluss eines Vertrags oder beim Abonnieren eines Produkts und\/oder einer Dienstleistung von Cooltra oder infolge eines sp\u00e4teren Widerrufs der urspr\u00fcnglich erteilten Zustimmung etwas anderes an.<\/span><\/p>\n<ul>\n<li style=\"font-weight: 400;\" aria-level=\"1\"><span style=\"font-weight: 400; font-family: georgia, palatino, serif;\">Die Zusendung von kommerziellen und\/oder werblichen Mitteilungen auf Papier, die die Nutzer \u00fcber die Aktivit\u00e4ten, Dienstleistungen, Promotionen, Werbung, Neuigkeiten, Angebote und andere Informationen \u00fcber die Dienstleistungen und Produkte im Zusammenhang mit der T\u00e4tigkeit und Bereitstellung von Dienstleistungen von Cooltra informieren.<\/span><\/li>\n<li style=\"font-weight: 400;\" aria-level=\"1\"><span style=\"font-weight: 400; font-family: georgia, palatino, serif;\">F\u00fcr den Fall, dass der Nutzer ausdr\u00fccklich der Zusendung von kommerziellen Mitteilungen auf elektronischem Wege zugestimmt hat, indem er den NEWSLETTER abonniert hat, die Zusendung solcher Mitteilungen auf elektronischem Wege, um die Nutzer \u00fcber Aktivit\u00e4ten, Dienstleistungen, Promotionen, Werbung, Neuigkeiten, Angebote und andere Informationen \u00fcber Cooltra Dienstleistungen und Produkte zu informieren, die denen entsprechen oder \u00e4hnlich sind, die urspr\u00fcnglich vertraglich vereinbart wurden oder die den Nutzer interessieren.<\/span><\/li>\n<li style=\"font-weight: 400;\" aria-level=\"1\"><span style=\"font-weight: 400; font-family: georgia, palatino, serif;\">Die Aufbewahrung der Daten w\u00e4hrend der in den geltenden Bestimmungen vorgesehenen Zeitr\u00e4ume.<\/span><\/li>\n<\/ul>\n<p><span style=\"font-weight: 400; font-family: georgia, palatino, serif;\"><strong>\u00a0L.<\/strong> <\/span><b style=\"font-family: georgia, palatino, serif;\">Rekrutierung. <\/b><span style=\"font-weight: 400;\">In \u00dcbereinstimmung mit den Bestimmungen der Verordnung (EU) 2016\/679 vom 27. April 2016 (RGPD) informieren wir Sie dar\u00fcber, dass die bereitgestellten personenbezogenen Daten von Cooltra mit Sitz in der Edificio Ocean, Passeig Joan de Borb\u00f3 99-101, 4\u00aa Planta, 08039 de Barcelona (Data Controller) verarbeitet werden.<\/span><\/p>\n<p><span style=\"font-weight: 400; font-family: georgia, palatino, serif;\">Die zur Verf\u00fcgung gestellten Daten werden ausschlie\u00dflich zum Zweck der Einbeziehung des Interessenten in die laufenden oder zuk\u00fcnftigen Personalauswahlverfahren, in die der Bewerber passen k\u00f6nnte, verarbeitet und d\u00fcrfen nicht f\u00fcr andere Zwecke verwendet werden. Sollten sich Ihre Daten \u00e4ndern, bitten wir Sie, uns dies so schnell wie m\u00f6glich schriftlich mitzuteilen, damit die Daten ordnungsgem\u00e4\u00df aktualisiert werden k\u00f6nnen. Ihre Daten werden nicht an Dritte weitergegeben, es sei denn, wir sind gesetzlich dazu verpflichtet.<\/span><\/p>\n<p><span style=\"font-weight: 400; font-family: georgia, palatino, serif;\">Die Daten werden h\u00f6chstens ein Jahr lang aufbewahrt und danach gel\u00f6scht, wobei die Vertraulichkeit sowohl bei der Verarbeitung als auch bei der anschlie\u00dfenden Vernichtung gew\u00e4hrleistet ist.<\/span><\/p>\n<p><span style=\"font-family: georgia, palatino, serif;\"><span style=\"font-weight: 400;\">Ebenso informieren wir Sie dar\u00fcber, dass Sie das Recht haben, Zugang, Berichtigung, \u00dcbertragbarkeit und L\u00f6schung Ihrer Daten sowie die Einschr\u00e4nkung und den Widerspruch zu beantragen, indem Sie eine E-Mail an <\/span><a href=\"mailto:rgpd@ecooltra.com\"><span style=\"font-weight: 400;\">rgpd@Cooltra.com<\/span><\/a><span style=\"font-weight: 400;\"> senden<\/span><a href=\"mailto:rgpd@ecooltra.com\"><span style=\"font-weight: 400;\">,<\/span><\/a><span style=\"font-weight: 400;\"> die Art des Rechts, das Sie aus\u00fcben m\u00f6chten, angeben und Ihrem Antrag eine Kopie Ihres Personalausweises oder eines \u00e4hnlichen gesetzlich vorgeschriebenen Dokuments beif\u00fcgen. Wenn Sie der Meinung sind, dass die Verarbeitung personenbezogener Daten nicht mit den geltenden Vorschriften \u00fcbereinstimmt, haben Sie au\u00dferdem das Recht, eine Beschwerde bei der Aufsichtsbeh\u00f6rde <\/span><a href=\"http:\/\/www.agpd.es\/\"><span style=\"font-weight: 400;\">www.agpd.es<\/span><\/a><span style=\"font-weight: 400;\"> einzureichen<\/span><a href=\"http:\/\/www.agpd.es\/\"><span style=\"font-weight: 400;\">.<\/span><\/a><\/span><\/p>\n<p><span style=\"font-weight: 400; font-family: georgia, palatino, serif;\">\u00a0<strong>M. <\/strong><\/span><b style=\"font-family: georgia, palatino, serif;\">Video\u00fcberwachung. <\/b><span style=\"font-weight: 400;\">An einigen Verkaufsstellen werden Bilder ausschlie\u00dflich zu den im Abschnitt &#8222;Zweck&#8220; dieser Datenschutzrichtlinie genannten Zwecken und\/oder auf Anfrage von Beh\u00f6rden aufgenommen.<\/span><\/p>\n<p><span style=\"font-weight: 400; font-family: georgia, palatino, serif;\">Wir verf\u00fcgen \u00fcber ein Informationsblatt, das auf Anfrage erh\u00e4ltlich ist, und \u00fcber ein Logo der Video\u00fcberwachungszone, das an einer gut sichtbaren Stelle vor der Kamera angebracht ist und darauf hinweist, dass es sich um ein video\u00fcberwachtes Lokal handelt.<\/span><\/p>\n<p><span style=\"font-weight: 400; font-family: georgia, palatino, serif;\">Die von den Kameras aufgenommenen Bilder sind auf die betreffende \u00f6ffentliche Einrichtung beschr\u00e4nkt. Es d\u00fcrfen keine Bilder von der \u00f6ffentlichen Stra\u00dfe gemacht werden, mit Ausnahme eines Mindestbereichs der Eing\u00e4nge des Betriebs.<\/span><\/p>\n<p><span style=\"font-weight: 400; font-family: georgia, palatino, serif;\">Das Aufzeichnungssystem muss sich an einem bewachten Ort oder an einem Ort mit beschr\u00e4nktem Zugang befinden. Die aufgenommenen Bilder sind nur f\u00fcr die befugte Person zug\u00e4nglich und werden f\u00fcr einen Zeitraum von h\u00f6chstens einem Monat nach der Aufnahme aufbewahrt.<\/span><\/p>\n<p><span style=\"font-family: georgia, palatino, serif;\"><b>\u00a0<\/b><\/span><\/p>\n<p><span style=\"font-family: georgia, palatino, serif;\"><b>N. Sprache<\/b><span style=\"font-weight: 400;\">. Die f\u00fcr diese Datenschutzrichtlinie geltende Sprache ist Spanisch. Im Falle von Widerspr\u00fcchen zwischen den in anderen Sprachen vorliegenden Fassungen ist daher die spanische Fassung ma\u00dfgebend.<\/span><\/span><\/p>\n<p><span style=\"font-weight: 400; font-family: georgia, palatino, serif;\"><strong>\u00a0O.<\/strong> <\/span><b style=\"font-family: georgia, palatino, serif;\">\u00c4nderungen an dieser Datenschutzrichtlinie. <\/b><span style=\"font-weight: 400;\">Cooltra beh\u00e4lt sich das Recht vor, diese Richtlinie zu \u00e4ndern, um sie an neue Gesetze oder Rechtsprechung anzupassen.<\/span><\/p>\n<p><span style=\"font-weight: 400; font-family: georgia, palatino, serif;\">\u00a0<strong>P.<\/strong> <\/span><b style=\"font-family: georgia, palatino, serif; font-size: 12pt;\">Gesetzgebung. <\/b><span style=\"font-weight: 400;\">In jeder Hinsicht unterliegen die Beziehungen zwischen den Nutzern der auf dieser Website angebotenen Telematikdienste der spanischen Gesetzgebung und Rechtsprechung, der sich die Parteien ausdr\u00fccklich unterwerfen.<\/span><\/p>\n<p><span style=\"font-weight: 400; font-size: 12pt; font-family: georgia, palatino, serif;\">(G\u00fcltig ab 23. Juni 2021)<\/span><\/p>\n","protected":false},"excerpt":{"rendered":"<p>Die Identit\u00e4t:\u00a0 Der Verleih von Elektromotorr\u00e4dern im Minutentakt \u00fcber die App (&#8222;motosharing&#8220;) wird von der Firma COOLTRA MOTOSHARING, S.L.U. mit Sitz in Edificio Ocean, Passeig Joan de Borb\u00f3 99-101, 4\u00aa Planta, 08039 de Barcelona, mit C.I.F n\u00ba B- 65874877 angeboten. Vor Ort wird der Motosharing-Service angeboten und die Anmietungen werden mit den Cooltra-Tochtergesellschaften formalisiert, die [&hellip;]<\/p>\n","protected":false},"author":20,"featured_media":0,"parent":0,"menu_order":0,"comment_status":"closed","ping_status":"closed","template":"","meta":{"inline_featured_image":false},"yoast_head":"<!-- This site is optimized with the Yoast SEO plugin v20.10 - https:\/\/yoast.com\/wordpress\/plugins\/seo\/ -->\n<title>Datenschutzbestimmungen - Cooltra<\/title>\n<meta name=\"robots\" content=\"index, follow, max-snippet:-1, max-image-preview:large, max-video-preview:-1\" \/>\n<link rel=\"canonical\" href=\"https:\/\/cooltra.com\/de\/datenschutz\/\" \/>\n<meta property=\"og:locale\" content=\"de_DE\" \/>\n<meta property=\"og:type\" content=\"article\" \/>\n<meta property=\"og:title\" content=\"Datenschutzbestimmungen - Cooltra\" \/>\n<meta property=\"og:description\" content=\"Die Identit\u00e4t:\u00a0 Der Verleih von Elektromotorr\u00e4dern im Minutentakt \u00fcber die App (&#8222;motosharing&#8220;) wird von der Firma COOLTRA MOTOSHARING, S.L.U. mit Sitz in Edificio Ocean, Passeig Joan de Borb\u00f3 99-101, 4\u00aa Planta, 08039 de Barcelona, mit C.I.F n\u00ba B- 65874877 angeboten. Vor Ort wird der Motosharing-Service angeboten und die Anmietungen werden mit den Cooltra-Tochtergesellschaften formalisiert, die [&hellip;]\" \/>\n<meta property=\"og:url\" content=\"https:\/\/cooltra.com\/de\/datenschutz\/\" \/>\n<meta property=\"og:site_name\" content=\"Cooltra\" \/>\n<meta property=\"article:publisher\" content=\"https:\/\/www.facebook.com\/CooltraMotos\/\" \/>\n<meta property=\"article:modified_time\" content=\"2024-12-20T09:28:08+00:00\" \/>\n<meta property=\"og:image\" content=\"https:\/\/cdn.cooltra.com\/uploads\/2018\/04\/cooltra-alquiler-de-motos-y-scooter-de-gasolina-y-electricas.png\" \/>\n\t<meta property=\"og:image:width\" content=\"2000\" \/>\n\t<meta property=\"og:image:height\" content=\"510\" \/>\n\t<meta property=\"og:image:type\" content=\"image\/png\" \/>\n<meta name=\"twitter:card\" content=\"summary_large_image\" \/>\n<meta name=\"twitter:site\" content=\"@cooltra\" \/>\n<meta name=\"twitter:label1\" content=\"Gesch\u00e4tzte Lesezeit\" \/>\n\t<meta name=\"twitter:data1\" content=\"16 Minuten\" \/>\n<script type=\"application\/ld+json\" class=\"yoast-schema-graph\">{\"@context\":\"https:\/\/schema.org\",\"@graph\":[{\"@type\":\"WebPage\",\"@id\":\"https:\/\/cooltra.com\/de\/datenschutz\/\",\"url\":\"https:\/\/cooltra.com\/de\/datenschutz\/\",\"name\":\"Datenschutzbestimmungen - Cooltra\",\"isPartOf\":{\"@id\":\"https:\/\/cooltra.com\/de\/#website\"},\"datePublished\":\"2023-02-02T10:43:48+00:00\",\"dateModified\":\"2024-12-20T09:28:08+00:00\",\"inLanguage\":\"de-DE\",\"potentialAction\":[{\"@type\":\"ReadAction\",\"target\":[\"https:\/\/cooltra.com\/de\/datenschutz\/\"]}]},{\"@type\":\"WebSite\",\"@id\":\"https:\/\/cooltra.com\/de\/#website\",\"url\":\"https:\/\/cooltra.com\/de\/\",\"name\":\"Cooltra\",\"description\":\"Alquiler de motos y scooters de gasolina y el\u00e9ctricas\",\"publisher\":{\"@id\":\"https:\/\/cooltra.com\/de\/#organization\"},\"potentialAction\":[{\"@type\":\"SearchAction\",\"target\":{\"@type\":\"EntryPoint\",\"urlTemplate\":\"https:\/\/cooltra.com\/de\/?s={search_term_string}\"},\"query-input\":\"required name=search_term_string\"}],\"inLanguage\":\"de-DE\"},{\"@type\":\"Organization\",\"@id\":\"https:\/\/cooltra.com\/de\/#organization\",\"name\":\"Cooltra\",\"url\":\"https:\/\/cooltra.com\/de\/\",\"logo\":{\"@type\":\"ImageObject\",\"inLanguage\":\"de-DE\",\"@id\":\"https:\/\/cooltra.com\/de\/#\/schema\/logo\/image\/\",\"url\":\"https:\/\/cdn.cooltra.com\/uploads\/2022\/11\/Cooltra_Logo_A.png\",\"contentUrl\":\"https:\/\/cdn.cooltra.com\/uploads\/2022\/11\/Cooltra_Logo_A.png\",\"width\":300,\"height\":298,\"caption\":\"Cooltra\"},\"image\":{\"@id\":\"https:\/\/cooltra.com\/de\/#\/schema\/logo\/image\/\"},\"sameAs\":[\"https:\/\/www.facebook.com\/CooltraMotos\/\",\"https:\/\/twitter.com\/cooltra\",\"https:\/\/www.instagram.com\/cooltra_motos\/\"]}]}<\/script>\n<!-- \/ Yoast SEO plugin. -->","yoast_head_json":{"title":"Datenschutzbestimmungen - Cooltra","robots":{"index":"index","follow":"follow","max-snippet":"max-snippet:-1","max-image-preview":"max-image-preview:large","max-video-preview":"max-video-preview:-1"},"canonical":"https:\/\/cooltra.com\/de\/datenschutz\/","og_locale":"de_DE","og_type":"article","og_title":"Datenschutzbestimmungen - Cooltra","og_description":"Die Identit\u00e4t:\u00a0 Der Verleih von Elektromotorr\u00e4dern im Minutentakt \u00fcber die App (&#8222;motosharing&#8220;) wird von der Firma COOLTRA MOTOSHARING, S.L.U. mit Sitz in Edificio Ocean, Passeig Joan de Borb\u00f3 99-101, 4\u00aa Planta, 08039 de Barcelona, mit C.I.F n\u00ba B- 65874877 angeboten. Vor Ort wird der Motosharing-Service angeboten und die Anmietungen werden mit den Cooltra-Tochtergesellschaften formalisiert, die [&hellip;]","og_url":"https:\/\/cooltra.com\/de\/datenschutz\/","og_site_name":"Cooltra","article_publisher":"https:\/\/www.facebook.com\/CooltraMotos\/","article_modified_time":"2024-12-20T09:28:08+00:00","og_image":[{"width":2000,"height":510,"url":"https:\/\/cdn.cooltra.com\/uploads\/2018\/04\/cooltra-alquiler-de-motos-y-scooter-de-gasolina-y-electricas.png","type":"image\/png"}],"twitter_card":"summary_large_image","twitter_site":"@cooltra","twitter_misc":{"Gesch\u00e4tzte Lesezeit":"16 Minuten"},"schema":{"@context":"https:\/\/schema.org","@graph":[{"@type":"WebPage","@id":"https:\/\/cooltra.com\/de\/datenschutz\/","url":"https:\/\/cooltra.com\/de\/datenschutz\/","name":"Datenschutzbestimmungen - Cooltra","isPartOf":{"@id":"https:\/\/cooltra.com\/de\/#website"},"datePublished":"2023-02-02T10:43:48+00:00","dateModified":"2024-12-20T09:28:08+00:00","inLanguage":"de-DE","potentialAction":[{"@type":"ReadAction","target":["https:\/\/cooltra.com\/de\/datenschutz\/"]}]},{"@type":"WebSite","@id":"https:\/\/cooltra.com\/de\/#website","url":"https:\/\/cooltra.com\/de\/","name":"Cooltra","description":"Alquiler de motos y scooters de gasolina y el\u00e9ctricas","publisher":{"@id":"https:\/\/cooltra.com\/de\/#organization"},"potentialAction":[{"@type":"SearchAction","target":{"@type":"EntryPoint","urlTemplate":"https:\/\/cooltra.com\/de\/?s={search_term_string}"},"query-input":"required name=search_term_string"}],"inLanguage":"de-DE"},{"@type":"Organization","@id":"https:\/\/cooltra.com\/de\/#organization","name":"Cooltra","url":"https:\/\/cooltra.com\/de\/","logo":{"@type":"ImageObject","inLanguage":"de-DE","@id":"https:\/\/cooltra.com\/de\/#\/schema\/logo\/image\/","url":"https:\/\/cdn.cooltra.com\/uploads\/2022\/11\/Cooltra_Logo_A.png","contentUrl":"https:\/\/cdn.cooltra.com\/uploads\/2022\/11\/Cooltra_Logo_A.png","width":300,"height":298,"caption":"Cooltra"},"image":{"@id":"https:\/\/cooltra.com\/de\/#\/schema\/logo\/image\/"},"sameAs":["https:\/\/www.facebook.com\/CooltraMotos\/","https:\/\/twitter.com\/cooltra","https:\/\/www.instagram.com\/cooltra_motos\/"]}]}},"_links":{"self":[{"href":"https:\/\/cooltra.com\/de\/wp-json\/wp\/v2\/pages\/73569"}],"collection":[{"href":"https:\/\/cooltra.com\/de\/wp-json\/wp\/v2\/pages"}],"about":[{"href":"https:\/\/cooltra.com\/de\/wp-json\/wp\/v2\/types\/page"}],"author":[{"embeddable":true,"href":"https:\/\/cooltra.com\/de\/wp-json\/wp\/v2\/users\/20"}],"replies":[{"embeddable":true,"href":"https:\/\/cooltra.com\/de\/wp-json\/wp\/v2\/comments?post=73569"}],"version-history":[{"count":5,"href":"https:\/\/cooltra.com\/de\/wp-json\/wp\/v2\/pages\/73569\/revisions"}],"predecessor-version":[{"id":89515,"href":"https:\/\/cooltra.com\/de\/wp-json\/wp\/v2\/pages\/73569\/revisions\/89515"}],"wp:attachment":[{"href":"https:\/\/cooltra.com\/de\/wp-json\/wp\/v2\/media?parent=73569"}],"curies":[{"name":"wp","href":"https:\/\/api.w.org\/{rel}","templated":true}]}}